{"id":1009,"date":"2018-01-29T19:50:35","date_gmt":"2018-01-29T17:50:35","guid":{"rendered":"http:\/\/wilhelm-stedler-grundschule.de\/?page_id=1009"},"modified":"2024-01-03T12:34:53","modified_gmt":"2024-01-03T10:34:53","slug":"schulsozialarbeit","status":"publish","type":"page","link":"http:\/\/wilhelm-stedler-grundschule.de\/?page_id=1009","title":{"rendered":"Schulsozialarbeit"},"content":{"rendered":"<p>Schulsozialarbeit ist ein zus\u00e4tzliches Angebot an Schulen, das die Sch\u00fclerinnen und Sch\u00fcler unterst\u00fctzen soll, erfolgreich am Unterricht teilzunehmen.<\/p>\n<p>Die Grundlage daf\u00fcr ist das Jugendhilfegesetz (SGB VIII)<\/p>\n<p>Schulsozialarbeit richtet sich an alle Sch\u00fclerinnen und Sch\u00fcler der Schule.<\/p>\n<p>Die Schule ist f\u00fcr die Kinder neben dem Elternhaus ein wichtiger Lebens- und Lernort f\u00fcr das soziale Miteinander. In der Schule leben und lernen sie zusammen mit anderen Kindern aus den unterschiedlichsten sozialen Umfeldern, Kulturen und Religionen.<\/p>\n<p>Die Angebote der Schulsozialarbeit gestalten das Schulleben mit und tragen dazu bei, die Kinder in ihren sozialen und emotionalen F\u00e4higkeiten zu st\u00e4rken und zu f\u00f6rdern.<\/p>\n<p>Schulsozialarbeit soll:<\/p>\n<ul>\n<li>fr\u00fchzeitig unterst\u00fctzen<\/li>\n<li>Ansprechpartner sein f\u00fcr Kinder, Eltern und Lehrer<\/li>\n<li>mit anderen Einrichtungen zusammenarbeiten, wenn dies erforderlich ist<\/li>\n<li>die Schule konzeptionell mitgestalten<\/li>\n<\/ul>\n<p>Schwerpunkte der Schulsozialarbeit an der WSS sind:<\/p>\n<ul>\n<li>F\u00f6rderung der Sozialkompetenz im Klassenverband ( \u201eLubo aus dem All\u201c im 1. und 2. Schuljahr)<\/li>\n<li>Zusammenarbeit mit den Lehrkr\u00e4ften der Schule<\/li>\n<li>Unterst\u00fctzung bei Konflikten im Schulalltag<\/li>\n<li>Einzelfallhilfe von Sch\u00fclerinnen und Sch\u00fclern (\u201eIch schaff`s!\u201c l\u00f6sungsorientierter Ansatz, um mit Kindern Probleme zu l\u00f6sen)<\/li>\n<li>Zusammenarbeit mit Eltern und Beratung von Eltern (Unterst\u00fctzung bei der Suche \/Beantragung von Angeboten, z.B. BuT, Schulbegleitung\u2026, Beratung in Erziehungsfragen, Unterst\u00fctzung in Krisen\u2026 )<\/li>\n<\/ul>\n<p>Gerne stehe ich Ihnen als Eltern f\u00fcr Gespr\u00e4che zur Verf\u00fcgung (falls notwendig auch au\u00dferhalb der Unterrichtszeit).<\/p>\n<p>Die Gespr\u00e4chsinhalte unterliegen der gesetzlichen Schweigepflicht und d\u00fcrfen nur mit Ihrem Einverst\u00e4ndnis an andere weitergegeben werden.<\/p>\n","protected":false},"excerpt":{"rendered":"<p>Schulsozialarbeit ist ein zus\u00e4tzliches Angebot an Schulen, das die Sch\u00fclerinnen und Sch\u00fcler unterst\u00fctzen soll, erfolgreich am Unterricht teilzunehmen. Die Grundlage daf\u00fcr ist das Jugendhilfegesetz (SGB VIII) Schulsozialarbeit richtet sich an alle Sch\u00fclerinnen und Sch\u00fcler der Schule. Die Schule ist f\u00fcr die Kinder neben dem Elternhaus ein wichtiger Lebens- und Lernort f\u00fcr das soziale Miteinander. In&#8230;<\/p>\n","protected":false},"author":1,"featured_media":0,"parent":0,"menu_order":0,"comment_status":"closed","ping_status":"closed","template":"","meta":[],"_links":{"self":[{"href":"http:\/\/wilhelm-stedler-grundschule.de\/index.php?rest_route=\/wp\/v2\/pages\/1009"}],"collection":[{"href":"http:\/\/wilhelm-stedler-grundschule.de\/index.php?rest_route=\/wp\/v2\/pages"}],"about":[{"href":"http:\/\/wilhelm-stedler-grundschule.de\/index.php?rest_route=\/wp\/v2\/types\/page"}],"author":[{"embeddable":true,"href":"http:\/\/wilhelm-stedler-grundschule.de\/index.php?rest_route=\/wp\/v2\/users\/1"}],"replies":[{"embeddable":true,"href":"http:\/\/wilhelm-stedler-grundschule.de\/index.php?rest_route=%2Fwp%2Fv2%2Fcomments&post=1009"}],"version-history":[{"count":6,"href":"http:\/\/wilhelm-stedler-grundschule.de\/index.php?rest_route=\/wp\/v2\/pages\/1009\/revisions"}],"predecessor-version":[{"id":2180,"href":"http:\/\/wilhelm-stedler-grundschule.de\/index.php?rest_route=\/wp\/v2\/pages\/1009\/revisions\/2180"}],"wp:attachment":[{"href":"http:\/\/wilhelm-stedler-grundschule.de\/index.php?rest_route=%2Fwp%2Fv2%2Fmedia&parent=1009"}],"curies":[{"name":"wp","href":"https:\/\/api.w.org\/{rel}","templated":true}]}}