{"id":1064,"date":"2018-05-05T14:43:15","date_gmt":"2018-05-05T12:43:15","guid":{"rendered":"http:\/\/wilhelm-stedler-grundschule.de\/?page_id=1064"},"modified":"2018-05-05T14:43:15","modified_gmt":"2018-05-05T12:43:15","slug":"eu-schulobstprogramm","status":"publish","type":"page","link":"http:\/\/wilhelm-stedler-grundschule.de\/?page_id=1064","title":{"rendered":"EU-Schulobstprogramm"},"content":{"rendered":"<p>Neben regelm\u00e4\u00dfiger Bewegung bildet eine ausgewogene und abwechslungsreiche Ern\u00e4hrung die Grundlage f\u00fcr die Entwicklung, das Wachstum und f\u00fcr den Lernerfolg von Kindern.<\/p>\n<p>Aus diesem Grund bietet das Land Niedersachsen gemeinsam mit der Europ\u00e4ischen Union seit dem Schuljahr 2017\/2018 Schulen und Kindertageseinrichtungen die Chance, sich am EU-Schulprogramm zu beteiligen und so die M\u00f6glichkeit, kostenloses Obst und Gem\u00fcse sowie Milch f\u00fcr die Kinder zu erhalten. Die Wilhelm-Stedler-Schule nimmt mit gro\u00dfem Interesse an diesem Programm teil. <\/p>\n<p>Ziel des EU-Schulprogramms ist es, Kinder f\u00fcr eine ausgewogene Ern\u00e4hrung zu begeistern. Die Kinder lernen die bunte Vielfalt der Obst- und Gem\u00fcsearten sowie den Geschmacksgenuss von Milch aus der Region kennen und erfahren dabei, wo ihr Essen herkommt und wie es angebaut wird.<\/p>\n<p>Durch die regelm\u00e4\u00dfige Extraportion Obst, Gem\u00fcse und Milch und die angebotenen p\u00e4dagogischen Begleitma\u00dfnahmen sollen die Kenntnisse und die F\u00e4higkeiten der Kinder im Umgang mit Lebensmitteln weiter entwickelt werden. Hierdurch wird ein wichtiger Beitrag zur Entwicklung eines gesundheitsf\u00f6rdernden Ern\u00e4hrungsverhaltens geleistet.<\/p>\n<p>Weitere Informationen finden Sie unter: https:\/\/www.schulprogramm.niedersachsen.de\/<\/p>\n<p>Quelle dieser Informationen: https:\/\/www.schulprogramm.niedersachsen.de\/<\/p>\n","protected":false},"excerpt":{"rendered":"<p>Neben regelm\u00e4\u00dfiger Bewegung bildet eine ausgewogene und abwechslungsreiche Ern\u00e4hrung die Grundlage f\u00fcr die Entwicklung, das Wachstum und f\u00fcr den Lernerfolg von Kindern. Aus diesem Grund bietet das Land Niedersachsen gemeinsam mit der Europ\u00e4ischen Union seit dem Schuljahr 2017\/2018 Schulen und Kindertageseinrichtungen die Chance, sich am EU-Schulprogramm zu beteiligen und so die M\u00f6glichkeit, kostenloses Obst und&#8230;<\/p>\n","protected":false},"author":1,"featured_media":0,"parent":0,"menu_order":0,"comment_status":"closed","ping_status":"closed","template":"","meta":[],"_links":{"self":[{"href":"http:\/\/wilhelm-stedler-grundschule.de\/index.php?rest_route=\/wp\/v2\/pages\/1064"}],"collection":[{"href":"http:\/\/wilhelm-stedler-grundschule.de\/index.php?rest_route=\/wp\/v2\/pages"}],"about":[{"href":"http:\/\/wilhelm-stedler-grundschule.de\/index.php?rest_route=\/wp\/v2\/types\/page"}],"author":[{"embeddable":true,"href":"http:\/\/wilhelm-stedler-grundschule.de\/index.php?rest_route=\/wp\/v2\/users\/1"}],"replies":[{"embeddable":true,"href":"http:\/\/wilhelm-stedler-grundschule.de\/index.php?rest_route=%2Fwp%2Fv2%2Fcomments&post=1064"}],"version-history":[{"count":1,"href":"http:\/\/wilhelm-stedler-grundschule.de\/index.php?rest_route=\/wp\/v2\/pages\/1064\/revisions"}],"predecessor-version":[{"id":1065,"href":"http:\/\/wilhelm-stedler-grundschule.de\/index.php?rest_route=\/wp\/v2\/pages\/1064\/revisions\/1065"}],"wp:attachment":[{"href":"http:\/\/wilhelm-stedler-grundschule.de\/index.php?rest_route=%2Fwp%2Fv2%2Fmedia&parent=1064"}],"curies":[{"name":"wp","href":"https:\/\/api.w.org\/{rel}","templated":true}]}}