{"id":300,"date":"2005-12-04T10:59:21","date_gmt":"2005-12-04T08:59:21","guid":{"rendered":"http:\/\/wilhelm-stedler-grundschule.de\/?page_id=300"},"modified":"2025-02-10T18:56:11","modified_gmt":"2025-02-10T16:56:11","slug":"schuelerrat","status":"publish","type":"page","link":"http:\/\/wilhelm-stedler-grundschule.de\/?page_id=300","title":{"rendered":"Sch\u00fclerrat"},"content":{"rendered":"\n\n\n<p>An den Grundschulen werden die Weichen gestellt f\u00fcr die Zukunft unserer Demokratie.\u201c Zitat von Frank-Walter Steinmeier zum Festakt \u201e100 Jahre Grundschule\u201c.<br>Auch bei uns an der Wilhelm-Stedler-Schule wird der Grundstein f\u00fcr ein demokratisches Lernen bereits ab der ersten Klasse gelegt. Der Klassenrat wird in allen vier Jahrg\u00e4ngen einmal w\u00f6chentlich durchgef\u00fchrt. Hier lernen die Kinder in ge\u00fcbten Gespr\u00e4chsstrukturen \u00fcber alle Fragen, die sie in ihrem Schulalltag betreffen, zu reden und L\u00f6sungen zu entwerfen. Zus\u00e4tzlich zum Klassenrat findet ebenfalls in regelm\u00e4\u00dfigen Abst\u00e4nden monatlich der Sch\u00fclerrat statt. Hier nehmen alle Klassensprecherinnen und Klassensprecher der zweiten bis vierten Jahrg\u00e4nge teil, um \u00fcber Positives und Verbesserungsw\u00fcrdiges aus dem Schulalltag sowie \u00fcber weitere Ideen und Neuerungen zu berichten und dar\u00fcber zu diskutieren. Hierbei stehen die Meinungen, W\u00fcnsche, Ideen und \u00c4u\u00dferungen der Sch\u00fclerinnen und Sch\u00fcler im Vordergrund. Die Aspekte Demokratie und Mitbestimmung sind ein wichtiger sowie haltgebender Bestandteil des Sch\u00fclerrats.<\/p>\n","protected":false},"excerpt":{"rendered":"<p>An den Grundschulen werden die Weichen gestellt f\u00fcr die Zukunft unserer Demokratie.\u201c Zitat von Frank-Walter Steinmeier zum Festakt \u201e100 Jahre Grundschule\u201c.Auch bei uns an der Wilhelm-Stedler-Schule wird der Grundstein f\u00fcr ein demokratisches Lernen bereits ab der ersten Klasse gelegt. Der Klassenrat wird in allen vier Jahrg\u00e4ngen einmal w\u00f6chentlich durchgef\u00fchrt. Hier lernen die Kinder in ge\u00fcbten&#8230;<\/p>\n","protected":false},"author":1,"featured_media":0,"parent":0,"menu_order":0,"comment_status":"closed","ping_status":"closed","template":"","meta":[],"_links":{"self":[{"href":"http:\/\/wilhelm-stedler-grundschule.de\/index.php?rest_route=\/wp\/v2\/pages\/300"}],"collection":[{"href":"http:\/\/wilhelm-stedler-grundschule.de\/index.php?rest_route=\/wp\/v2\/pages"}],"about":[{"href":"http:\/\/wilhelm-stedler-grundschule.de\/index.php?rest_route=\/wp\/v2\/types\/page"}],"author":[{"embeddable":true,"href":"http:\/\/wilhelm-stedler-grundschule.de\/index.php?rest_route=\/wp\/v2\/users\/1"}],"replies":[{"embeddable":true,"href":"http:\/\/wilhelm-stedler-grundschule.de\/index.php?rest_route=%2Fwp%2Fv2%2Fcomments&post=300"}],"version-history":[{"count":4,"href":"http:\/\/wilhelm-stedler-grundschule.de\/index.php?rest_route=\/wp\/v2\/pages\/300\/revisions"}],"predecessor-version":[{"id":2247,"href":"http:\/\/wilhelm-stedler-grundschule.de\/index.php?rest_route=\/wp\/v2\/pages\/300\/revisions\/2247"}],"wp:attachment":[{"href":"http:\/\/wilhelm-stedler-grundschule.de\/index.php?rest_route=%2Fwp%2Fv2%2Fmedia&parent=300"}],"curies":[{"name":"wp","href":"https:\/\/api.w.org\/{rel}","templated":true}]}}