{"id":555,"date":"2015-10-15T10:27:28","date_gmt":"2015-10-15T08:27:28","guid":{"rendered":"http:\/\/wilhelm-stedler-grundschule.de\/?page_id=555"},"modified":"2015-10-15T10:27:28","modified_gmt":"2015-10-15T08:27:28","slug":"umgang-mit-beschwerden","status":"publish","type":"page","link":"http:\/\/wilhelm-stedler-grundschule.de\/?page_id=555","title":{"rendered":"Umgang mit Beschwerden"},"content":{"rendered":"<p>Sehr geehrte Eltern und Erziehungsberechtigte,<br \/>\nbitte beachten Sie den folgenden Zust\u00e4ndigkeitsweg bei eventuell auftretenden<br \/>\nBeschwerden.<\/p>\n<ul>\n<li><strong>Grunds\u00e4tzlich werden Beschwerden da bearbeitet, wo sie auftreten<\/strong><\/li>\n<li>Erst wenn auf dieser Ebene keine L\u00f6sung gefunden wird, sind andere Ebenen<br \/>\neinzubeziehen.<\/li>\n<\/ul>\n<ol>\n<li>Bei Beschwerden wenden Sie sich bitte zun\u00e4chst an die <strong>betreffende Lehrkraft.<\/strong><\/li>\n<li>Kann das Problem so nicht gel\u00f6st werden, wenden Sie sich an<br \/>\ndie <strong>Klassenlehrerin\/den Klassenlehrer.<\/strong><\/li>\n<li>Erst wenn auf dieser Ebene keine Abhilfe m\u00f6glich ist, muss die <strong>Schulleitung<\/strong><br \/>\neinbezogen werden.<\/li>\n<li>Sollte auch so das Problem nicht gel\u00f6st werden k\u00f6nnen, wird<br \/>\ndie<strong> Landesschulbeh\u00f6rde<\/strong> informiert und um Unterst\u00fctzung gebeten.<\/li>\n<\/ol>\n<ul>\n<li>Handelt es sich bei dem Beschwerdegrund um ein <strong>Problem gro\u00dfer Tragweite<\/strong><br \/>\n(z.B. schwerwiegende Dienstverletzung, Gewalt, sexueller \u00dcbergriff) greift die<br \/>\nSchulleitung unmittelbar ein und sorgt unter Einbeziehung der beteiligten<br \/>\nParteien f\u00fcr Aufkl\u00e4rung des Sachverhalts und Einleitung geeigneter Ma\u00dfnahmen.<\/li>\n<\/ul>\n","protected":false},"excerpt":{"rendered":"<p>Sehr geehrte Eltern und Erziehungsberechtigte, bitte beachten Sie den folgenden Zust\u00e4ndigkeitsweg bei eventuell auftretenden Beschwerden. Grunds\u00e4tzlich werden Beschwerden da bearbeitet, wo sie auftreten Erst wenn auf dieser Ebene keine L\u00f6sung gefunden wird, sind andere Ebenen einzubeziehen. Bei Beschwerden wenden Sie sich bitte zun\u00e4chst an die betreffende Lehrkraft. Kann das Problem so nicht gel\u00f6st werden, wenden&#8230;<\/p>\n","protected":false},"author":1,"featured_media":0,"parent":0,"menu_order":0,"comment_status":"closed","ping_status":"closed","template":"","meta":[],"_links":{"self":[{"href":"http:\/\/wilhelm-stedler-grundschule.de\/index.php?rest_route=\/wp\/v2\/pages\/555"}],"collection":[{"href":"http:\/\/wilhelm-stedler-grundschule.de\/index.php?rest_route=\/wp\/v2\/pages"}],"about":[{"href":"http:\/\/wilhelm-stedler-grundschule.de\/index.php?rest_route=\/wp\/v2\/types\/page"}],"author":[{"embeddable":true,"href":"http:\/\/wilhelm-stedler-grundschule.de\/index.php?rest_route=\/wp\/v2\/users\/1"}],"replies":[{"embeddable":true,"href":"http:\/\/wilhelm-stedler-grundschule.de\/index.php?rest_route=%2Fwp%2Fv2%2Fcomments&post=555"}],"version-history":[{"count":7,"href":"http:\/\/wilhelm-stedler-grundschule.de\/index.php?rest_route=\/wp\/v2\/pages\/555\/revisions"}],"predecessor-version":[{"id":562,"href":"http:\/\/wilhelm-stedler-grundschule.de\/index.php?rest_route=\/wp\/v2\/pages\/555\/revisions\/562"}],"wp:attachment":[{"href":"http:\/\/wilhelm-stedler-grundschule.de\/index.php?rest_route=%2Fwp%2Fv2%2Fmedia&parent=555"}],"curies":[{"name":"wp","href":"https:\/\/api.w.org\/{rel}","templated":true}]}}